{"id":1830,"date":"2024-11-15T15:31:19","date_gmt":"2024-11-15T14:31:19","guid":{"rendered":"https:\/\/domitia-maisondecuisinier.fr\/?page_id=1830"},"modified":"2026-01-09T18:23:50","modified_gmt":"2026-01-09T17:23:50","slug":"menus-de-fetes","status":"publish","type":"page","link":"https:\/\/domitia-maisondecuisinier.fr\/index.php\/menus-de-fetes\/","title":{"rendered":"MENUS DE F\u00caTES"},"content":{"rendered":"\n[et_pb_section fb_built=\u00a0\u00bb1&Prime; _builder_version=\u00a0\u00bb4.23.1&Prime; _module_preset=\u00a0\u00bbdefault\u00a0\u00bb background_color=\u00a0\u00bb#000000&Prime; background_enable_image=\u00a0\u00bboff\u00a0\u00bb custom_padding=\u00a0\u00bb0px||0px|||\u00a0\u00bb global_colors_info=\u00a0\u00bb{}\u00a0\u00bb][et_pb_row _builder_version=\u00a0\u00bb4.23.1&Prime; _module_preset=\u00a0\u00bbdefault\u00a0\u00bb custom_padding=\u00a0\u00bb0px||0px|||\u00a0\u00bb global_colors_info=\u00a0\u00bb{}\u00a0\u00bb][et_pb_column type=\u00a0\u00bb4_4&Prime; _builder_version=\u00a0\u00bb4.23.1&Prime; _module_preset=\u00a0\u00bbdefault\u00a0\u00bb global_colors_info=\u00a0\u00bb{}\u00a0\u00bb][et_pb_text _builder_version=\u00a0\u00bb4.23.1&Prime; _module_preset=\u00a0\u00bbdefault\u00a0\u00bb text_font=\u00a0\u00bbAbyssinica SIL|||on|||||\u00a0\u00bb text_font_size=\u00a0\u00bb17px\u00a0\u00bb header_font=\u00a0\u00bbNunito Sans||||||||\u00a0\u00bb header_text_color=\u00a0\u00bb#aa2200&Prime; header_font_size=\u00a0\u00bb28px\u00a0\u00bb header_letter_spacing=\u00a0\u00bb3px\u00a0\u00bb header_line_height=\u00a0\u00bb1.2em\u00a0\u00bb text_orientation=\u00a0\u00bbcenter\u00a0\u00bb custom_margin=\u00a0\u00bb5px||1px||false|false\u00a0\u00bb custom_margin_tablet=\u00a0\u00bb5px||1px||false|false\u00a0\u00bb custom_margin_phone=\u00a0\u00bb5px||1px||false|false\u00a0\u00bb custom_margin_last_edited=\u00a0\u00bboff|phone\u00a0\u00bb custom_padding=\u00a0\u00bb||7px|||\u00a0\u00bb global_colors_info=\u00a0\u00bb{}\u00a0\u00bb]<h1>Menus de f\u00eates<\/h1>[\/et_pb_text][et_pb_divider color=\u00a0\u00bb#aa2200&Prime; divider_weight=\u00a0\u00bb1px\u00a0\u00bb _builder_version=\u00a0\u00bb4.23.1&Prime; _module_preset=\u00a0\u00bbdefault\u00a0\u00bb custom_margin=\u00a0\u00bb||2px||false|false\u00a0\u00bb custom_margin_tablet=\u00a0\u00bb||2px||false|false\u00a0\u00bb custom_margin_phone=\u00a0\u00bb-25px||2px||false|false\u00a0\u00bb custom_margin_last_edited=\u00a0\u00bboff|desktop\u00a0\u00bb custom_padding=\u00a0\u00bb||6px|||\u00a0\u00bb animation_style=\u00a0\u00bbslide\u00a0\u00bb animation_direction=\u00a0\u00bbleft\u00a0\u00bb global_colors_info=\u00a0\u00bb{}\u00a0\u00bb][\/et_pb_divider][\/et_pb_column][\/et_pb_row][\/et_pb_section][et_pb_section fb_built=\u00a0\u00bb1&Prime; _builder_version=\u00a0\u00bb4.23.1&Prime; _module_preset=\u00a0\u00bbdefault\u00a0\u00bb background_color=\u00a0\u00bb#000000&Prime; background_enable_image=\u00a0\u00bboff\u00a0\u00bb custom_padding=\u00a0\u00bb0px||38px|||\u00a0\u00bb background_last_edited=\u00a0\u00bbon|phone\u00a0\u00bb background_enable_image_phone=\u00a0\u00bboff\u00a0\u00bb global_colors_info=\u00a0\u00bb{}\u00a0\u00bb][et_pb_row column_structure=\u00a0\u00bb1_2,1_2&Prime; use_custom_gutter=\u00a0\u00bbon\u00a0\u00bb gutter_width=\u00a0\u00bb2&Prime; _builder_version=\u00a0\u00bb4.23.1&Prime; _module_preset=\u00a0\u00bbdefault\u00a0\u00bb width=\u00a0\u00bb85%\u00a0\u00bb width_tablet=\u00a0\u00bb85%\u00a0\u00bb width_phone=\u00a0\u00bb90%\u00a0\u00bb width_last_edited=\u00a0\u00bbon|phone\u00a0\u00bb max_width=\u00a0\u00bb1182px\u00a0\u00bb custom_margin=\u00a0\u00bb|auto|-2px|auto||\u00a0\u00bb custom_padding=\u00a0\u00bb8px|||||\u00a0\u00bb global_colors_info=\u00a0\u00bb{}\u00a0\u00bb][et_pb_column type=\u00a0\u00bb1_2&Prime; _builder_version=\u00a0\u00bb4.23.1&Prime; _module_preset=\u00a0\u00bbdefault\u00a0\u00bb global_colors_info=\u00a0\u00bb{}\u00a0\u00bb][et_pb_image src=\u00a0\u00bbhttp:\/\/domitia-maisondecuisinier.fr\/wp-content\/uploads\/2025\/11\/Reveillon-de-la-Saint-Sylvestre-2026.jpg\u00a0\u00bb title_text=\u00a0\u00bbR\u00e9veillon de la Saint Sylvestre 2026&Prime; url=\u00a0\u00bbhttps:\/\/domitia-maisondecuisinier.fr\/index.php\/reveillon-2\/\u00a0\u00bb _builder_version=\u00a0\u00bb4.23.1&Prime; _module_preset=\u00a0\u00bbdefault\u00a0\u00bb transform_scale_last_edited=\u00a0\u00bboff|desktop\u00a0\u00bb transform_translate_last_edited=\u00a0\u00bboff|desktop\u00a0\u00bb transform_rotate_last_edited=\u00a0\u00bboff|desktop\u00a0\u00bb transform_skew_last_edited=\u00a0\u00bboff|desktop\u00a0\u00bb transform_origin_last_edited=\u00a0\u00bboff|desktop\u00a0\u00bb transform_styles_last_edited=\u00a0\u00bboff|desktop\u00a0\u00bb animation_style=\u00a0\u00bbslide\u00a0\u00bb animation_direction=\u00a0\u00bbleft\u00a0\u00bb border_width_all=\u00a0\u00bb2px\u00a0\u00bb border_color_all=\u00a0\u00bb#aa2200&Prime; box_shadow_style=\u00a0\u00bbpreset1&Prime; box_shadow_color=\u00a0\u00bbRGBA(255,255,255,0)\u00a0\u00bb global_colors_info=\u00a0\u00bb{}\u00a0\u00bb box_shadow_color__hover_enabled=\u00a0\u00bbon|hover\u00a0\u00bb box_shadow_color__hover=\u00a0\u00bbrgba(170,34,0,0.66)\u00a0\u00bb transform_styles__hover_enabled=\u00a0\u00bbon|desktop\u00a0\u00bb transform_scale__hover_enabled=\u00a0\u00bbon|desktop\u00a0\u00bb transform_translate__hover_enabled=\u00a0\u00bbon|desktop\u00a0\u00bb transform_rotate__hover_enabled=\u00a0\u00bbon|desktop\u00a0\u00bb transform_skew__hover_enabled=\u00a0\u00bbon|desktop\u00a0\u00bb transform_origin__hover_enabled=\u00a0\u00bbon|desktop\u00a0\u00bb transform_scale__hover=\u00a0\u00bb103%|103%\u00a0\u00bb][\/et_pb_image][\/et_pb_column][et_pb_column type=\u00a0\u00bb1_2&Prime; _builder_version=\u00a0\u00bb4.17.4&Prime; _module_preset=\u00a0\u00bbdefault\u00a0\u00bb global_colors_info=\u00a0\u00bb{}\u00a0\u00bb][et_pb_image src=\u00a0\u00bbhttp:\/\/domitia-maisondecuisinier.fr\/wp-content\/uploads\/2025\/11\/Jour-de-lan-2026.jpg\u00a0\u00bb title_text=\u00a0\u00bbJour de l&rsquo;an 2026&Prime; url=\u00a0\u00bbhttps:\/\/domitia-maisondecuisinier.fr\/index.php\/le-temps-des-fetes-4\/\u00a0\u00bb _builder_version=\u00a0\u00bb4.23.1&Prime; _module_preset=\u00a0\u00bbdefault\u00a0\u00bb transform_scale_last_edited=\u00a0\u00bboff|desktop\u00a0\u00bb transform_translate_last_edited=\u00a0\u00bboff|desktop\u00a0\u00bb transform_rotate_last_edited=\u00a0\u00bboff|desktop\u00a0\u00bb transform_skew_last_edited=\u00a0\u00bboff|desktop\u00a0\u00bb transform_origin_last_edited=\u00a0\u00bboff|desktop\u00a0\u00bb transform_styles_last_edited=\u00a0\u00bboff|desktop\u00a0\u00bb custom_margin_tablet=\u00a0\u00bb\u00a0\u00bb custom_margin_phone=\u00a0\u00bb-9px||||false|false\u00a0\u00bb custom_margin_last_edited=\u00a0\u00bbon|phone\u00a0\u00bb animation_style=\u00a0\u00bbslide\u00a0\u00bb animation_direction=\u00a0\u00bbright\u00a0\u00bb border_width_all=\u00a0\u00bb2px\u00a0\u00bb border_color_all=\u00a0\u00bb#aa2200&Prime; box_shadow_style=\u00a0\u00bbpreset1&Prime; box_shadow_color=\u00a0\u00bbRGBA(255,255,255,0)\u00a0\u00bb global_colors_info=\u00a0\u00bb{}\u00a0\u00bb box_shadow_color__hover_enabled=\u00a0\u00bbon|hover\u00a0\u00bb box_shadow_color__hover=\u00a0\u00bbrgba(170,34,0,0.66)\u00a0\u00bb transform_styles__hover_enabled=\u00a0\u00bbon|hover\u00a0\u00bb transform_scale__hover_enabled=\u00a0\u00bbon|hover\u00a0\u00bb transform_translate__hover_enabled=\u00a0\u00bbon|desktop\u00a0\u00bb transform_rotate__hover_enabled=\u00a0\u00bbon|desktop\u00a0\u00bb transform_skew__hover_enabled=\u00a0\u00bbon|desktop\u00a0\u00bb transform_origin__hover_enabled=\u00a0\u00bbon|desktop\u00a0\u00bb transform_scale__hover=\u00a0\u00bb103%|103%\u00a0\u00bb][\/et_pb_image][\/et_pb_column][\/et_pb_row][\/et_pb_section]\n","protected":false},"excerpt":{"rendered":"<p>Menus de f\u00eates<\/p>\n","protected":false},"author":1,"featured_media":0,"parent":0,"menu_order":0,"comment_status":"closed","ping_status":"closed","template":"","meta":{"_et_pb_use_builder":"on","_et_pb_old_content":"","_et_gb_content_width":"","_monsterinsights_skip_tracking":false,"_monsterinsights_sitenote_active":false,"_monsterinsights_sitenote_note":"","_monsterinsights_sitenote_category":0,"footnotes":""},"class_list":["post-1830","page","type-page","status-publish","hentry"],"yoast_head":"<!-- This site is optimized with the Yoast SEO plugin v27.5 - https:\/\/yoast.com\/product\/yoast-seo-wordpress\/ -->\n<title>MENUS DE F\u00caTES - Domitia Maison de Cuisinier<\/title>\n<meta name=\"description\" content=\"D\u00e9couvrez les menus de f\u00eate du restaurant Le Domitia, pr\u00e8s de Gordes dans le Luberon ! Le menu du R\u00e9veillon et celui du jour de l\u2019An vous y attendent.\" \/>\n<meta name=\"robots\" content=\"noindex, follow\" \/>\n<meta property=\"og:locale\" content=\"fr_FR\" \/>\n<meta property=\"og:type\" content=\"article\" \/>\n<meta property=\"og:title\" content=\"MENUS DE F\u00caTES - Domitia Maison de Cuisinier\" \/>\n<meta property=\"og:description\" content=\"D\u00e9couvrez les menus de f\u00eate du restaurant Le Domitia, pr\u00e8s de Gordes dans le Luberon ! Le menu du R\u00e9veillon et celui du jour de l\u2019An vous y attendent.\" \/>\n<meta property=\"og:url\" content=\"https:\/\/domitia-maisondecuisinier.fr\/index.php\/menus-de-fetes\/\" \/>\n<meta property=\"og:site_name\" content=\"Domitia Maison de Cuisinier\" \/>\n<meta property=\"article:modified_time\" content=\"2026-01-09T17:23:50+00:00\" \/>\n<meta name=\"twitter:card\" content=\"summary_large_image\" \/>\n<meta name=\"twitter:label1\" content=\"Dur\u00e9e de lecture estim\u00e9e\" \/>\n\t<meta name=\"twitter:data1\" content=\"1 minute\" \/>\n<script type=\"application\/ld+json\" class=\"yoast-schema-graph\">{\"@context\":\"https:\\\/\\\/schema.org\",\"@graph\":[{\"@type\":\"WebPage\",\"@id\":\"https:\\\/\\\/domitia-maisondecuisinier.fr\\\/index.php\\\/menus-de-fetes\\\/\",\"url\":\"https:\\\/\\\/domitia-maisondecuisinier.fr\\\/index.php\\\/menus-de-fetes\\\/\",\"name\":\"MENUS DE F\u00caTES - Domitia Maison de Cuisinier\",\"isPartOf\":{\"@id\":\"https:\\\/\\\/domitia-maisondecuisinier.fr\\\/#website\"},\"datePublished\":\"2024-11-15T14:31:19+00:00\",\"dateModified\":\"2026-01-09T17:23:50+00:00\",\"description\":\"D\u00e9couvrez les menus de f\u00eate du restaurant Le Domitia, pr\u00e8s de Gordes dans le Luberon ! Le menu du R\u00e9veillon et celui du jour de l\u2019An vous y attendent.\",\"breadcrumb\":{\"@id\":\"https:\\\/\\\/domitia-maisondecuisinier.fr\\\/index.php\\\/menus-de-fetes\\\/#breadcrumb\"},\"inLanguage\":\"fr-FR\",\"potentialAction\":[{\"@type\":\"ReadAction\",\"target\":[\"https:\\\/\\\/domitia-maisondecuisinier.fr\\\/index.php\\\/menus-de-fetes\\\/\"]}]},{\"@type\":\"BreadcrumbList\",\"@id\":\"https:\\\/\\\/domitia-maisondecuisinier.fr\\\/index.php\\\/menus-de-fetes\\\/#breadcrumb\",\"itemListElement\":[{\"@type\":\"ListItem\",\"position\":1,\"name\":\"Accueil\",\"item\":\"https:\\\/\\\/domitia-maisondecuisinier.fr\\\/\"},{\"@type\":\"ListItem\",\"position\":2,\"name\":\"MENUS DE F\u00caTES\"}]},{\"@type\":\"WebSite\",\"@id\":\"https:\\\/\\\/domitia-maisondecuisinier.fr\\\/#website\",\"url\":\"https:\\\/\\\/domitia-maisondecuisinier.fr\\\/\",\"name\":\"Domitia Maison de Cuisinier\",\"description\":\"Restaurant Luberon\",\"potentialAction\":[{\"@type\":\"SearchAction\",\"target\":{\"@type\":\"EntryPoint\",\"urlTemplate\":\"https:\\\/\\\/domitia-maisondecuisinier.fr\\\/?s={search_term_string}\"},\"query-input\":{\"@type\":\"PropertyValueSpecification\",\"valueRequired\":true,\"valueName\":\"search_term_string\"}}],\"inLanguage\":\"fr-FR\"}]}<\/script>\n<!-- \/ Yoast SEO plugin. -->","yoast_head_json":{"title":"MENUS DE F\u00caTES - Domitia Maison de Cuisinier","description":"D\u00e9couvrez les menus de f\u00eate du restaurant Le Domitia, pr\u00e8s de Gordes dans le Luberon ! Le menu du R\u00e9veillon et celui du jour de l\u2019An vous y attendent.","robots":{"index":"noindex","follow":"follow"},"og_locale":"fr_FR","og_type":"article","og_title":"MENUS DE F\u00caTES - Domitia Maison de Cuisinier","og_description":"D\u00e9couvrez les menus de f\u00eate du restaurant Le Domitia, pr\u00e8s de Gordes dans le Luberon ! Le menu du R\u00e9veillon et celui du jour de l\u2019An vous y attendent.","og_url":"https:\/\/domitia-maisondecuisinier.fr\/index.php\/menus-de-fetes\/","og_site_name":"Domitia Maison de Cuisinier","article_modified_time":"2026-01-09T17:23:50+00:00","twitter_card":"summary_large_image","twitter_misc":{"Dur\u00e9e de lecture estim\u00e9e":"1 minute"},"schema":{"@context":"https:\/\/schema.org","@graph":[{"@type":"WebPage","@id":"https:\/\/domitia-maisondecuisinier.fr\/index.php\/menus-de-fetes\/","url":"https:\/\/domitia-maisondecuisinier.fr\/index.php\/menus-de-fetes\/","name":"MENUS DE F\u00caTES - Domitia Maison de Cuisinier","isPartOf":{"@id":"https:\/\/domitia-maisondecuisinier.fr\/#website"},"datePublished":"2024-11-15T14:31:19+00:00","dateModified":"2026-01-09T17:23:50+00:00","description":"D\u00e9couvrez les menus de f\u00eate du restaurant Le Domitia, pr\u00e8s de Gordes dans le Luberon ! Le menu du R\u00e9veillon et celui du jour de l\u2019An vous y attendent.","breadcrumb":{"@id":"https:\/\/domitia-maisondecuisinier.fr\/index.php\/menus-de-fetes\/#breadcrumb"},"inLanguage":"fr-FR","potentialAction":[{"@type":"ReadAction","target":["https:\/\/domitia-maisondecuisinier.fr\/index.php\/menus-de-fetes\/"]}]},{"@type":"BreadcrumbList","@id":"https:\/\/domitia-maisondecuisinier.fr\/index.php\/menus-de-fetes\/#breadcrumb","itemListElement":[{"@type":"ListItem","position":1,"name":"Accueil","item":"https:\/\/domitia-maisondecuisinier.fr\/"},{"@type":"ListItem","position":2,"name":"MENUS DE F\u00caTES"}]},{"@type":"WebSite","@id":"https:\/\/domitia-maisondecuisinier.fr\/#website","url":"https:\/\/domitia-maisondecuisinier.fr\/","name":"Domitia Maison de Cuisinier","description":"Restaurant Luberon","potentialAction":[{"@type":"SearchAction","target":{"@type":"EntryPoint","urlTemplate":"https:\/\/domitia-maisondecuisinier.fr\/?s={search_term_string}"},"query-input":{"@type":"PropertyValueSpecification","valueRequired":true,"valueName":"search_term_string"}}],"inLanguage":"fr-FR"}]}},"_links":{"self":[{"href":"https:\/\/domitia-maisondecuisinier.fr\/index.php\/wp-json\/wp\/v2\/pages\/1830","targetHints":{"allow":["GET"]}}],"collection":[{"href":"https:\/\/domitia-maisondecuisinier.fr\/index.php\/wp-json\/wp\/v2\/pages"}],"about":[{"href":"https:\/\/domitia-maisondecuisinier.fr\/index.php\/wp-json\/wp\/v2\/types\/page"}],"author":[{"embeddable":true,"href":"https:\/\/domitia-maisondecuisinier.fr\/index.php\/wp-json\/wp\/v2\/users\/1"}],"replies":[{"embeddable":true,"href":"https:\/\/domitia-maisondecuisinier.fr\/index.php\/wp-json\/wp\/v2\/comments?post=1830"}],"version-history":[{"count":20,"href":"https:\/\/domitia-maisondecuisinier.fr\/index.php\/wp-json\/wp\/v2\/pages\/1830\/revisions"}],"predecessor-version":[{"id":2408,"href":"https:\/\/domitia-maisondecuisinier.fr\/index.php\/wp-json\/wp\/v2\/pages\/1830\/revisions\/2408"}],"wp:attachment":[{"href":"https:\/\/domitia-maisondecuisinier.fr\/index.php\/wp-json\/wp\/v2\/media?parent=1830"}],"curies":[{"name":"wp","href":"https:\/\/api.w.org\/{rel}","templated":true}]}}